{"id":21,"date":"2026-04-24T20:26:23","date_gmt":"2026-04-24T20:26:23","guid":{"rendered":"https:\/\/adwokatkupiec.pl\/?page_id=21"},"modified":"2026-04-24T21:34:36","modified_gmt":"2026-04-24T21:34:36","slug":"adwokat-kupiec","status":"publish","type":"page","link":"https:\/\/adwokatkupiec.pl\/","title":{"rendered":"Adwokat Kupiec"},"content":{"rendered":"<main id='bde-main'><section class=\"bde-section-21-156 bde-section\">\n  \n  \n\t\n\n\n\n<div class=\"section-container\"><div class=\"bde-rich-text-21-163 bde-rich-text breakdance-rich-text-styles\">\n<p>Adwokat Przemys\u0142aw Kupiec<\/p>\n<\/div><a class=\"bde-container-link-21-158 bde-container-link breakdance-link\" href=\"tel:0048510128230\" target=\"_self\" data-type=\"url\">\n  \n  \n\t\n\n\n\n<div class=\"bde-rich-text-21-159 bde-rich-text breakdance-rich-text-styles\">\n<p>+48 510 128 230<\/p>\n<\/div>\n\n<\/a><a class=\"bde-container-link-21-160 bde-container-link breakdance-link\" href=\"mailto:przemyslaw.kupiec@gmail.com\" target=\"_self\" data-type=\"url\">\n  \n  \n\t\n\n\n\n<div class=\"bde-rich-text-21-161 bde-rich-text breakdance-rich-text-styles\">\n<p>przemyslaw.kupiec@gmail.com<\/p>\n<\/div>\n\n<\/a><\/div>\n<\/section><section class=\"bde-section-21-100 bde-section\">\n  \n  \n\t\n\n\n\n<div class=\"section-container\"><div class=\"bde-div-21-153 bde-div\">\n  \n  \n\t\n\n\n\n<img decoding=\"async\" class=\"bde-image2-21-154 bde-image2\" src=\"https:\/\/adwokatkupiec.pl\/wp-content\/uploads\/2026\/04\/ap2-300x300-1.png\" loading=\"lazy\" srcset=\"https:\/\/adwokatkupiec.pl\/wp-content\/uploads\/2026\/04\/ap2-300x300-1.png 300w, https:\/\/adwokatkupiec.pl\/wp-content\/uploads\/2026\/04\/ap2-300x300-1-150x150.png 150w\" sizes=\"(max-width: 300px) 100vw, 300px\"><div class=\"bde-rich-text-21-101 bde-rich-text breakdance-rich-text-styles\">\n<h1>Adwokat Przemys\u0142aw Kupiec<\/h1>\n<hr \/>\n<p>Jestem absolwentem Uniwersytetu Marii Curie \u2013 Sk\u0142odowskiej w Lublinie. Studia na kierunku Prawo uko\u0144czy\u0142em w trybie stacjonarnym w 2008 roku. Cz\u0142onkiem Izby Adwokackiej w Lublinie jestem od 2013 roku. Uko\u0144czy\u0142em aplikacj\u0119 adwokack\u0105 przy Okr\u0119gowej Radzie Adwokackiej w Lublinie, gdzie zda\u0142em egzamin zawodowy i rozpocz\u0119\u0142am indywidualn\u0105 praktyk\u0119 adwokack\u0105. W swojej pracy kieruj\u0119 si\u0119 zasadami etyki zawodowej, dbaj\u0105c o zachowanie najwy\u017cszych standard\u00f3w w ka\u017cdym aspekcie wykonywanej pracy.<\/p>\n<\/div>\n<\/div><\/div>\n<\/section><section class=\"bde-section-21-102 bde-section\">\n  \n  \n\t\n\n\n\n<div class=\"section-container\"><h1 class=\"bde-heading-21-155 bde-heading\">\nZakres us\u0142ug\n<\/h1><div class=\"bde-columns-21-103 bde-columns\"><div class=\"bde-column-21-104 bde-column\">\n  \n  \n\t\n\n\n\n<h2 class=\"bde-heading-21-110 bde-heading\">\nPrawo karne\n<\/h2><div class=\"bde-rich-text-21-108 bde-rich-text breakdance-rich-text-styles\">\n<div class=\"et_pb_blurb_description\">\n<ul>\n<li>sporz\u0105dzanie za\u017cale\u0144, apelacji i kasacji;<\/li>\n<li>obron\u0119 w sprawach karnych;<\/li>\n<li>karnoskarbowych, o wykroczenia na etapie post\u0119powania przygotowawczego i s\u0105dowego;<\/li>\n<li>reprezentacja os\u00f3b pokrzywdzonych przest\u0119pstwem;<\/li>\n<li>obron\u0119 skaza\u0144cy w post\u0119powaniu wykonawczym, w tym w sprawach o odroczenie wykonania kary, udzielenie przerwy w odbywaniu kary, o wyra\u017cenie zgody o odbywanie kary w systemie dozoru elektronicznego;<\/li>\n<li>sporz\u0105dzanie wniosk\u00f3w, pism i opinii prawnych.<\/li>\n<\/ul>\n<\/div>\n<\/div>\n<\/div><div class=\"bde-column-21-105 bde-column\">\n  \n  \n\t\n\n\n\n<h2 class=\"bde-heading-21-111 bde-heading\">\nPrawo rodzinne\n<\/h2><div class=\"bde-rich-text-21-109 bde-rich-text breakdance-rich-text-styles\">\n<div class=\"et_pb_column et_pb_column_1_3 et_pb_column_2  et_pb_css_mix_blend_mode_passthrough\">\n<div class=\"et_pb_module et_pb_blurb et_pb_blurb_1  et_pb_text_align_left  et_pb_blurb_position_top et_pb_bg_layout_light\">\n<div class=\"et_pb_blurb_content\">\n<div class=\"et_pb_blurb_container\">\n<ul>\n<li>sprawy o rozw\u00f3d, separacje i uniewa\u017cnienie ma\u0142\u017ce\u0144stwa;<\/li>\n<li>sprawy o alimenty, ograniczenie i pozbawienie w\u0142adzy rodzicielskiej;<\/li>\n<li>sprawy o pochodzenie dziecka \u2013 ustalenie i zaprzeczenie ojcostwa oraz macierzy\u0144stwa;<\/li>\n<li>sprawy o uznanie za zmar\u0142ego, stwierdzenie zgonu, ubezw\u0142asnowolnienie.<\/li>\n<\/ul>\n<\/div>\n<\/div>\n<\/div>\n<\/div>\n<\/div>\n<\/div><div class=\"bde-column-21-106 bde-column\">\n  \n  \n\t\n\n\n\n<h2 class=\"bde-heading-21-112 bde-heading\">\nPrawo gospodarcze\n<\/h2><div class=\"bde-rich-text-21-107 bde-rich-text breakdance-rich-text-styles\">\n<div class=\"et_pb_blurb_description\">\n<ul>\n<li>sta\u0142\u0105 obs\u0142ug\u0119 prawn\u0105 podmiot\u00f3w prowadz\u0105cych dzia\u0142alno\u015b\u0107 gospodarcz\u0105;<\/li>\n<li>reprezentowanie podmiot\u00f3w prowadz\u0105cych dzia\u0142alno\u015b\u0107 gospodarcz\u0105 w sporach s\u0105dowych\u00a0 oaz pozas\u0105dowych z osobami fizycznym i i innymi przedsi\u0119biorcami;<\/li>\n<li>czynno\u015bci zwi\u0105zane z rejestracja przedsi\u0119biorcy, zmian\u0105 danych rejestrowych oraz wykre\u015bleniem z Krajowego Rejestru S\u0105dowego;<\/li>\n<li>zaskar\u017canie uchwa\u0142 sp\u00f3\u0142ek kapita\u0142owych.<\/li>\n<\/ul>\n<\/div>\n<\/div>\n<\/div><\/div><div class=\"bde-columns-21-114 bde-columns\"><div class=\"bde-column-21-115 bde-column\">\n  \n  \n\t\n\n\n\n<div class=\"bde-rich-text-21-120 bde-rich-text breakdance-rich-text-styles\">\n<h4>Prawo cywilne<\/h4>\n<div class=\"et_pb_blurb_description\">\n<ul>\n<li>sporz\u0105dzanie pozw\u00f3w, wniosk\u00f3w, opinii prawnych, za\u017cale\u0144, apelacji i skarg kasacyjnych;<\/li>\n<li>analizowanie tre\u015bci, sporz\u0105dzanie projekt\u00f3w oraz opiniowanie um\u00f3w cywilnoprawnych;<\/li>\n<li>sprawy o zap\u0142at\u0119;<\/li>\n<li>sprawy o odszkodowanie z tytu\u0142u wypadk\u00f3w komunikacyjnych, b\u0142\u0119d\u00f3w medycznych, uszkodze\u0144 cia\u0142a oraz zado\u015b\u0107uczynienia za doznan\u0105 krzywd\u0119;<\/li>\n<li>sprawy spadkowe, w tym sprawy o stwierdzenie nabycia spadku, dzia\u0142 spadku, przyj\u0119cie i odrzucenie spadku;<\/li>\n<li>sprawy zakresu prawa rzeczowego, w tym o zasiedzenie, naruszenie posiadania, zniesienie wsp\u00f3\u0142w\u0142asno\u015bci, eksmisje;<\/li>\n<li>sprawy dotycz\u0105ce ochrony d\u00f3br osobistych, odszkodowania za naruszenie d\u00f3br osobistych.<\/li>\n<\/ul>\n<\/div>\n<\/div>\n<\/div><div class=\"bde-column-21-116 bde-column\">\n  \n  \n\t\n\n\n\n<div class=\"bde-rich-text-21-121 bde-rich-text breakdance-rich-text-styles\">\n<h4>Prawo w\u0142asno\u015bci przemys\u0142owej i prawo autorskie<\/h4>\n<div class=\"et_pb_blurb_description\">\n<ul>\n<li>sporz\u0105dzanie i opiniowanie um\u00f3w zabezpieczenie i ochron\u0119 praw autorskich i praw pokrewnych;<\/li>\n<li>dochodzenie roszcze\u0144 wynikaj\u0105cych z naruszenia praw autorskich i praw pokrewnych oraz praw w\u0142asno\u015bci przemys\u0142owej;<\/li>\n<li>profesjonaln\u0105 obs\u0142ug\u0119 i reprezentacj\u0119 Klienta w procesie negocjowania um\u00f3w, w sporach s\u0105dowych wynikaj\u0105cych z narusze\u0144 autorskich, praw maj\u0105tkowych i osobistych, praw w\u0142asno\u015bci przemys\u0142owej oraz praw pokrewnych;<\/li>\n<li>doradztwo w zakresie ochrony osobistych i maj\u0105tkowych praw autorskich, praw w\u0142asno\u015bci przemys\u0142owej i praw pokrewnych.<\/li>\n<\/ul>\n<\/div>\n<\/div>\n<\/div><\/div><div class=\"bde-columns-21-117 bde-columns\"><div class=\"bde-column-21-118 bde-column\">\n  \n  \n\t\n\n\n\n<div class=\"bde-rich-text-21-122 bde-rich-text breakdance-rich-text-styles\">\n<h4>Prawo administracyjne<\/h4>\n<div class=\"et_pb_blurb_description\">\n<ul>\n<li>sporz\u0105dzenie opinii prawnych, skarg, odwo\u0142a\u0144 od decyzji administracyjnych, skarg do Wojew\u00f3dzkich S\u0105d\u00f3w Administracyjnych oraz Naczelnego S\u0105du Administracyjnego;<\/li>\n<li>reprezentowanie Klient\u00f3w w sporach z organami administracji publicznej i jednostkami samorz\u0105du terytorialnego.<\/li>\n<\/ul>\n<\/div>\n<\/div>\n<\/div><div class=\"bde-column-21-119 bde-column\">\n  \n  \n\t\n\n\n\n<div class=\"bde-rich-text-21-123 bde-rich-text breakdance-rich-text-styles\">\n<h4>Ochrona danych osobowych<\/h4>\n<div class=\"et_pb_blurb_description\">\n<ul>\n<li>kompleksowa obs\u0142uga prawna w zakresie ochrony danych osobowych;<\/li>\n<li>audyt prawny procedur zwi\u0105zanych z ochron\u0105 danych osobowych;<\/li>\n<li>doradztwo i reprezentacja w post\u0119powaniach zwi\u0105zanych ze skutkami przetwarzania danych.<\/li>\n<\/ul>\n<\/div>\n<\/div>\n<\/div><\/div><\/div>\n<\/section><section class=\"bde-section-21-124 bde-section\">\n              \n  \n  \n\t\n\n  <div class=\"section-background-overlay\"><\/div>\n\n\n<div class=\"section-container\"><h1 class=\"bde-heading-21-130 bde-heading\">\nFormularz kontaktowy\n<\/h1><div class=\"bde-columns-21-125 bde-columns\"><div class=\"bde-column-21-126 bde-column\">\n  \n  \n\t\n\n\n\n<div class=\"bde-form-builder-21-128 bde-form-builder\">\n\n<form id=\"contact-form128\" class=\"breakdance-form breakdance-form--vertical\" data-options=\"{&quot;slug&quot;:&quot;custom&quot;,&quot;name&quot;:&quot;Contact Form&quot;,&quot;ajaxUrl&quot;:&quot;https:\\\/\\\/adwokatkupiec.pl\\\/wp-admin\\\/admin-ajax.php&quot;,&quot;clearOnSuccess&quot;:true,&quot;hideOnSuccess&quot;:false,&quot;successMessage&quot;:&quot;Your message has been received!&quot;,&quot;errorMessage&quot;:&quot;Something went wrong&quot;,&quot;redirect&quot;:false,&quot;redirectUrl&quot;:&quot;&quot;,&quot;customJavaScript&quot;:&quot;&quot;,&quot;recaptcha&quot;:{&quot;key&quot;:&quot;&quot;,&quot;enabled&quot;:false},&quot;honeypot_enabled&quot;:false,&quot;popupsOnSuccess&quot;:[],&quot;popupsOnError&quot;:[]}\" data-steps=\"0\" >\n  \n  \n  \n<div class=\"breakdance-form-field breakdance-form-field--text\" >\n    \n    \n            <label class=\"breakdance-form-field__label\" for=\"name\">\n            Imi\u0119 i nazwisko<span class=\"breakdance-form-field__required\">*<\/span>\n        <\/label>\n    \n    <input\n    class=\"breakdance-form-field__input\"\n    id=\"name\"\n    aria-describedby=\"name\"\n    type=\"text\"\n    name=\"fields[name]\"\n    placeholder=\"\"\n    value=\"\"\n                \n        \n        \n    required\n    \n    \n    \n    \n    \n>\n\n\n    \n    \n<\/div>\n\n\n<div class=\"breakdance-form-field breakdance-form-field--email\" >\n    \n    \n            <label class=\"breakdance-form-field__label\" for=\"email\">\n            Email<span class=\"breakdance-form-field__required\">*<\/span>\n        <\/label>\n    \n    <input\n    class=\"breakdance-form-field__input\"\n    id=\"email\"\n    aria-describedby=\"email\"\n    type=\"email\"\n    name=\"fields[email]\"\n    placeholder=\"\"\n    value=\"\"\n                \n        \n        \n    required\n    \n    \n    \n    \n    \n>\n\n\n    \n    \n<\/div>\n\n\n<div class=\"breakdance-form-field breakdance-form-field--textarea\" >\n    \n    \n            <label class=\"breakdance-form-field__label\" for=\"message\">\n            Wiadomo\u015b\u0107<span class=\"breakdance-form-field__required\">*<\/span>\n        <\/label>\n    \n    <textarea\n    class=\"breakdance-form-field__input\"\n    id=\"message\"\n    aria-describedby=\"message\"\n    type=\"textarea\"\n    name=\"fields[message]\"\n        placeholder=\"\"\n    required\n    \n    \n    >\n<\/textarea>\n\n\n    \n    \n<\/div><div class=\"breakdance-form-field breakdance-form-footer\">    \n    \n    \n    \n    \n            \n            <button type=\"submit\" class=\"button-atom button-atom--primary breakdance-form-button breakdance-form-button__submit\"  >\n    \n        <span class=\"button-atom__text\">Wy\u015blij<\/span>\n\n        \n        \n            <\/button>\n    \n    <input type=\"hidden\" name=\"form_id\" value=\"128\">\n    <input type=\"hidden\" name=\"post_id\" value=\"21\">\n<\/div>\n\n  \n<\/form>\n\n\n<\/div>\n<\/div><div class=\"bde-column-21-127 bde-column\">\n  \n  \n\t\n\n\n\n<div class=\"bde-rich-text-21-129 bde-rich-text breakdance-rich-text-styles\">\n<p>Administratorem Pana\/Pani danych osobowych jest Adwokat Przemys\u0142aw Kupiec, prowadz\u0105cy dzia\u0142alno\u015b\u0107 gospodarcz\u0105 pod firm\u0105 KANCELARIA ADWOKACKA Adwokat Przemys\u0142aw Kupiec z siedzib\u0105 w Lublinie, ul. Marii Curie \u2013 Sk\u0142odowskiej 32\/2, 20-029 Lublin.<\/p>\n<p>Podanie danych jest dobrowolne, ale niezb\u0119dne do tego, \u017ceby udzieli\u0107 odpowiedzi na pytanie. Ma Pan\/Pani prawo do \u017c\u0105dania dost\u0119pu do swoich danych osobowych, ich sprostowania, usuni\u0119cia lub ograniczenia przetwarzania, a tak\u017ce prawo wniesienia sprzeciwu wobec przetwarzania, a tak\u017ce prawo do przenoszenia swoich danych oraz wniesienia skargi do organu nadzorczego.<\/p>\n<p>Przetwarzamy dane wy\u0142\u0105cznie w celu udzielenia odpowiedzi na pytanie zawarte w formularzu kontaktowym (podstawa przetwarzania danych to realizacja naszych prawnie uzasadnionych interes\u00f3w administratora w postaci komunikacji z u\u017cytkownikami strony). Dane b\u0119d\u0105 przetwarzane nie d\u0142u\u017cej, ni\u017c jest to konieczne do udzielenia odpowiedzi, a po tym czasie mog\u0105 by\u0107 przetwarzane przez okres przedawnienia ewentualnych roszcze\u0144.<\/p>\n<\/div>\n<\/div><\/div><\/div>\n<\/section><section class=\"bde-section-21-131 bde-section\">\n  \n  \n\t\n\n\n\n<div class=\"section-container\"><div class=\"bde-columns-21-150 bde-columns\"><div class=\"bde-column-21-151 bde-column\">\n  \n  \n\t\n\n\n\n<h1 class=\"bde-heading-21-132 bde-heading\">\nDane adresowe\n<\/h1>\n<\/div><div class=\"bde-column-21-152 bde-column\">\n  \n  \n\t\n\n\n\n<div class=\"bde-rich-text-21-149 bde-rich-text breakdance-rich-text-styles\">\n<p><strong>e-mail:<\/strong> przemyslaw.kupiec@gmail.com<\/p>\n<p><strong>telefon:<\/strong> 510 128 230<\/p>\n<p><strong>tel\/fax.<\/strong> 81 781 68 00<\/p>\n<p><strong>NIP<\/strong>: 863 163 39 54<\/p>\n<p><strong>REGON:<\/strong> 368057650<\/p>\n<p><strong>Nr rachunku bankowego:<br \/><\/strong>ING Bank \u015al\u0105ski S.A. 61 1050 1953 1000 0092 4611 8419<\/p>\n<\/div>\n<\/div><\/div><div class=\"bde-div-21-134 bde-div\">\n  \n  \n\t\n\n\n\n<div class=\"bde-columns-21-135 bde-columns\"><div class=\"bde-column-21-136 bde-column\">\n  \n  \n\t\n\n\n\n<div class=\"bde-google-map-21-133 bde-google-map\">\r\n<iframe width=\"100%\" height=\"100%\" style=\"border:0\" loading=\"lazy\" title=\"Lublin\" src=\"https:\/\/maps.google.com\/maps?q=Adwokat+Przemys%C5%82aw+Kupiec+%3Cbr%3Eul.+Marii+Curie+Sk%C5%82odowskiej+32%2F2%2C+20-029+Lublin&t=m&z=14&output=embed&iwloc=near\" allowfullscreen><\/iframe>\n<\/div>\n<\/div><div class=\"bde-column-21-137 bde-column\">\n  \n  \n\t\n\n\n\n<div class=\"bde-div-21-147 bde-div\">\n  \n  \n\t\n\n\n\n<h1 class=\"bde-heading-21-138 bde-heading\">\nLublin\n<\/h1><div class=\"bde-rich-text-21-139 bde-rich-text breakdance-rich-text-styles\">\n<p>ul. Marii Curie Sk\u0142odowskiej 32\/2<br \/>20-029 Lublin<\/p>\n<\/div>\n<\/div><div class=\"bde-div-21-148 bde-div\">\n  \n  \n\t\n\n\n\n<h1 class=\"bde-heading-21-144 bde-heading\">\nW\u0142odawa\n<\/h1><div class=\"bde-rich-text-21-145 bde-rich-text breakdance-rich-text-styles\">\n<p>ul. Sejmowa 14<br \/>22-200 W\u0142odawa<\/p>\n<\/div>\n<\/div>\n<\/div><div class=\"bde-column-21-146 bde-column\">\n  \n  \n\t\n\n\n\n<div class=\"bde-google-map-21-142 bde-google-map\">\r\n<iframe width=\"100%\" height=\"100%\" style=\"border:0\" loading=\"lazy\" title=\"Map\" src=\"https:\/\/maps.google.com\/maps?q=Adwokat+Przemys%C5%82aw+Kupiec+%3Cbr%3Eul.+Sejmowa+14%2C+22-200+W%C5%82odawa&t=m&z=14&output=embed&iwloc=near\" allowfullscreen><\/iframe>\n<\/div>\n<\/div><\/div>\n<\/div><\/div>\n<\/section><\/main>","protected":false},"excerpt":{"rendered":"<p>Adwokat Przemys\u0142aw Kupiec +48 510 128 230 przemyslaw.kupiec@gmail.com Adwokat Przemys\u0142aw Kupiec Jestem absolwentem Uniwersytetu Marii Curie \u2013 Sk\u0142odowskiej w Lublinie. Studia na kierunku Prawo uko\u0144czy\u0142em w trybie stacjonarnym w 2008 roku. Cz\u0142onkiem Izby Adwokackiej w Lublinie jestem od 2013 roku. Uko\u0144czy\u0142em aplikacj\u0119 adwokack\u0105 przy Okr\u0119gowej Radzie Adwokackiej w Lublinie, gdzie zda\u0142em egzamin zawodowy i rozpocz\u0119\u0142am [&hellip;]<\/p>\n","protected":false},"author":1,"featured_media":0,"parent":0,"menu_order":0,"comment_status":"closed","ping_status":"closed","template":"","meta":{"_breakdance_hide_in_design_set":false,"_breakdance_tags":"","footnotes":""},"class_list":["post-21","page","type-page","status-publish","hentry"],"_links":{"self":[{"href":"https:\/\/adwokatkupiec.pl\/index.php\/wp-json\/wp\/v2\/pages\/21","targetHints":{"allow":["GET"]}}],"collection":[{"href":"https:\/\/adwokatkupiec.pl\/index.php\/wp-json\/wp\/v2\/pages"}],"about":[{"href":"https:\/\/adwokatkupiec.pl\/index.php\/wp-json\/wp\/v2\/types\/page"}],"author":[{"embeddable":true,"href":"https:\/\/adwokatkupiec.pl\/index.php\/wp-json\/wp\/v2\/users\/1"}],"replies":[{"embeddable":true,"href":"https:\/\/adwokatkupiec.pl\/index.php\/wp-json\/wp\/v2\/comments?post=21"}],"version-history":[{"count":14,"href":"https:\/\/adwokatkupiec.pl\/index.php\/wp-json\/wp\/v2\/pages\/21\/revisions"}],"predecessor-version":[{"id":42,"href":"https:\/\/adwokatkupiec.pl\/index.php\/wp-json\/wp\/v2\/pages\/21\/revisions\/42"}],"wp:attachment":[{"href":"https:\/\/adwokatkupiec.pl\/index.php\/wp-json\/wp\/v2\/media?parent=21"}],"curies":[{"name":"wp","href":"https:\/\/api.w.org\/{rel}","templated":true}]}}